{"id":4302,"date":"2016-09-08T12:28:07","date_gmt":"2016-09-08T11:28:07","guid":{"rendered":"http:\/\/senderos.cz\/cs\/?page_id=4302"},"modified":"2016-10-17T17:00:02","modified_gmt":"2016-10-17T16:00:02","slug":"cd","status":"publish","type":"page","link":"https:\/\/senderos.cz\/cs\/","title":{"rendered":"CD"},"content":{"rendered":"<p>[vc_row][vc_column][rev_slider_vc alias=&#8221;cdlanding&#8221;][\/vc_column][\/vc_row][vc_row][vc_column][vc_empty_space height=&#8221;40px&#8221;][lab_heading title=&#8221;Marta T\u00f6pferov\u00e1 &amp; Ernesto Chuecos&#8221;]Venezuelsk\u00e9 p\u00edsn\u011b[\/lab_heading][\/vc_column][\/vc_row][vc_row][vc_column width=&#8221;1\/2&#8243;][vc_column_text]<\/p>\n<p class=\"p1\"><span class=\"s1\">Duo zp\u011bva\u010dky Marty T\u00f6pferov\u00e9 a kytaristy Ernesta Chuecos se v\u011bnuje bohat\u00e9 tradici venezuelsk\u00fdch p\u00edsn\u00ed. Jejich reperto\u00e1r se skl\u00e1d\u00e1 z rytm\u016f a styl\u016f jako venezuelsk\u00e9 merengue, joropo, vals, danza nebo tonada. Ojedin\u011bl\u00fd sametov\u00fd hlas Marty T\u00f6pferov\u00e9 s vlastn\u00edm doprovodem na venezuelsk\u00e9 cuatro, ru\u010dn\u00ed perkusi spolu s propracovan\u00fdmi kytarov\u00fdmi aran\u017eemi Ernesta Chuecos je vskutku kombinace, kter\u00e1 p\u0159enese poslucha\u010de do nev\u0161edn\u00ed hudebn\u00ed krajiny. Od radostn\u00e9ho \u010di humorn\u00e9ho\u00a0<i>merengue\u00a0<\/i>z Caracasu, svi\u017en\u00e9ho\u00a0<i>joropa\u00a0<\/i>z rozs\u00e1hl\u00fdch planin, po meditativn\u00ed\u00a0<i>tonadu,<\/i>\u00a0tradi\u010dn\u011b zp\u00edvanou p\u0159i dojen\u00ed dobytku, venezuelsk\u00e9 melodie a rytmy jsou tak pestr\u00e9 jako zem\u011b, z kter\u00e9 poch\u00e1zej\u00ed.\u00a0<\/span><\/p>\n<p>[\/vc_column_text][\/vc_column][vc_column width=&#8221;1\/2&#8243;][vc_column_text]<\/p>\n<p class=\"p1\"><span class=\"s1\">&#8220;<i>Reencuentros<\/i>&#8221; (co\u017e doslova znamen\u00e1\u00a0&#8220;znovu shled\u00e1n\u00ed&#8221;) je prvn\u00ed album t\u00e9to dvojice, kterou spojuje trvaj\u00edc\u00ed p\u0159\u00e1telstv\u00ed\u00a0a rostouc\u00ed nad\u0161en\u00ed z venezuelsk\u00e9 hudby. Marta s Ernestem se sezn\u00e1mili v Praze v roce 1994, kde d\u00edky podobn\u00fdm hudebn\u00edm z\u00e1jm\u016fm a spole\u010dn\u00fdm kamar\u00e1d\u016fm p\u0159irozen\u011b sd\u00edleli r\u016fzn\u00e9 hudebn\u00ed n\u00e1pady a impulsy. Marta se ov\u0161em v t\u00e9 dob\u011b vr\u00e1tila do Spojen\u00fdch st\u00e1t\u016f, Ernesto z\u016fstal v Praze, a tud\u00ed\u017e se po sl\u00e9ze dlouho nevid\u011bli. Kdy\u017e se Marta vr\u00e1tila do \u010cech v roce 2012, op\u011bt se s Ernestem\u00a0potkali\u00a0a rok pot\u00e9\u00a0za\u010dali\u00a0spolupracovat na reperto\u00e1ru venezuelsk\u00fdch p\u00edsn\u00ed. N\u00e1zev &#8220;Reencuentros&#8221; tedy symbolizuje jejich &#8220;znovu shled\u00e1n\u00ed&#8221;.<\/span><\/p>\n<p>[\/vc_column_text][\/vc_column][\/vc_row][vc_row][vc_column][vc_empty_space height=&#8221;40px&#8221;][\/vc_column][\/vc_row][vc_row equal_height=&#8221;yes&#8221; content_placement=&#8221;middle&#8221; css=&#8221;.vc_custom_1473791079981{background-color: #ededed !important;}&#8221;][vc_column reveal_effect=&#8221;&#8221; width=&#8221;1\/2&#8243; css=&#8221;.vc_custom_1476715934174{background-image: url(http:\/\/senderos.cz\/wp-content\/uploads\/2016\/09\/Digipack4.jpg?id=4180) !important;background-position: center !important;background-repeat: no-repeat !important;background-size: cover !important;}&#8221;][\/vc_column][vc_column width=&#8221;1\/2&#8243;][lab_heading title=&#8221;Audio uk\u00e1zky&#8221;]Datum vyd\u00e1n\u00ed 21. 9. 2016[\/lab_heading][vc_column_text]<\/p>\n<!--[if lt IE 9]><script>document.createElement('audio');<\/script><![endif]-->\n\t<div class=\"wp-playlist wp-audio-playlist wp-playlist-light\">\n\t\t\t<div class=\"wp-playlist-current-item\"><\/div>\n\t\t<audio controls=\"controls\" preload=\"none\" width=\"923\"\n\t\t\t><\/audio>\n\t<div class=\"wp-playlist-next\"><\/div>\n\t<div class=\"wp-playlist-prev\"><\/div>\n\t<noscript>\n\t<ol>\n\t\t<li><a href='https:\/\/senderos.cz\/wp-content\/uploads\/2016\/09\/Acidito-clip.mp3'>Acidito<\/a><\/li><li><a href='https:\/\/senderos.cz\/wp-content\/uploads\/2016\/09\/El-norte-es-una-quimera-clip.mp3'>El norte es una quimera<\/a><\/li><li><a href='https:\/\/senderos.cz\/wp-content\/uploads\/2016\/09\/Flor-de-Mayo-clip.mp3'>Flor de Mayo<\/a><\/li><li><a href='https:\/\/senderos.cz\/wp-content\/uploads\/2016\/09\/La-negrita-Marisol-clip.mp3'>La negrita Marisol<\/a><\/li><li><a href='https:\/\/senderos.cz\/wp-content\/uploads\/2016\/09\/Luna-de-Margarita-clip.mp3'>Luna de Margarita<\/a><\/li><li><a href='https:\/\/senderos.cz\/wp-content\/uploads\/2016\/09\/Lucerito-clip.mp3'>Lucerito<\/a><\/li>\t<\/ol>\n\t<\/noscript>\n\t<script type=\"application\/json\" class=\"wp-playlist-script\">{\"type\":\"audio\",\"tracklist\":true,\"tracknumbers\":true,\"images\":true,\"artists\":true,\"tracks\":[{\"src\":\"https:\\\/\\\/senderos.cz\\\/wp-content\\\/uploads\\\/2016\\\/09\\\/Acidito-clip.mp3\",\"type\":\"audio\\\/mpeg\",\"title\":\"Acidito\",\"caption\":\"\",\"description\":\"\\\"Acidito (clip)\\\".\",\"meta\":{\"artist\":\"Marta Topferova & Ernesto Chuecos\",\"album\":\"Reencuentros\",\"length_formatted\":\"0:58\"},\"image\":{\"src\":\"https:\\\/\\\/senderos.cz\\\/wp-content\\\/uploads\\\/2016\\\/09\\\/CD_Cover.jpg\",\"width\":800,\"height\":800},\"thumb\":{\"src\":\"https:\\\/\\\/senderos.cz\\\/wp-content\\\/uploads\\\/2016\\\/09\\\/CD_Cover-150x150.jpg\",\"width\":150,\"height\":150}},{\"src\":\"https:\\\/\\\/senderos.cz\\\/wp-content\\\/uploads\\\/2016\\\/09\\\/El-norte-es-una-quimera-clip.mp3\",\"type\":\"audio\\\/mpeg\",\"title\":\"El norte es una quimera\",\"caption\":\"\",\"description\":\"\\\"El norte es una quimera (clip)\\\".\",\"meta\":{\"artist\":\"Marta Topferova & Ernesto Chuecos\",\"album\":\"Reencuentros\",\"length_formatted\":\"1:09\"},\"image\":{\"src\":\"https:\\\/\\\/senderos.cz\\\/wp-content\\\/uploads\\\/2016\\\/09\\\/CD_Cover.jpg\",\"width\":800,\"height\":800},\"thumb\":{\"src\":\"https:\\\/\\\/senderos.cz\\\/wp-content\\\/uploads\\\/2016\\\/09\\\/CD_Cover-150x150.jpg\",\"width\":150,\"height\":150}},{\"src\":\"https:\\\/\\\/senderos.cz\\\/wp-content\\\/uploads\\\/2016\\\/09\\\/Flor-de-Mayo-clip.mp3\",\"type\":\"audio\\\/mpeg\",\"title\":\"Flor de Mayo\",\"caption\":\"\",\"description\":\"\\\"Flor de Mayo (clip)\\\".\",\"meta\":{\"artist\":\"Marta Topferova & Ernesto Chuecos\",\"album\":\"Reencuentros\",\"length_formatted\":\"1:07\"},\"image\":{\"src\":\"https:\\\/\\\/senderos.cz\\\/wp-content\\\/uploads\\\/2016\\\/09\\\/CD_Cover.jpg\",\"width\":800,\"height\":800},\"thumb\":{\"src\":\"https:\\\/\\\/senderos.cz\\\/wp-content\\\/uploads\\\/2016\\\/09\\\/CD_Cover-150x150.jpg\",\"width\":150,\"height\":150}},{\"src\":\"https:\\\/\\\/senderos.cz\\\/wp-content\\\/uploads\\\/2016\\\/09\\\/La-negrita-Marisol-clip.mp3\",\"type\":\"audio\\\/mpeg\",\"title\":\"La negrita Marisol\",\"caption\":\"\",\"description\":\"\\\"La negrita Marisol (clip)\\\".\",\"meta\":{\"artist\":\"Marta Topferova & Ernesto Chuecos\",\"album\":\"Reencuentros\",\"length_formatted\":\"0:57\"},\"image\":{\"src\":\"https:\\\/\\\/senderos.cz\\\/wp-content\\\/uploads\\\/2016\\\/09\\\/CD_Cover.jpg\",\"width\":800,\"height\":800},\"thumb\":{\"src\":\"https:\\\/\\\/senderos.cz\\\/wp-content\\\/uploads\\\/2016\\\/09\\\/CD_Cover-150x150.jpg\",\"width\":150,\"height\":150}},{\"src\":\"https:\\\/\\\/senderos.cz\\\/wp-content\\\/uploads\\\/2016\\\/09\\\/Luna-de-Margarita-clip.mp3\",\"type\":\"audio\\\/mpeg\",\"title\":\"Luna de Margarita\",\"caption\":\"\",\"description\":\"\\\"Luna de Margarita (clip)\\\".\",\"meta\":{\"artist\":\"Marta Topferova & Ernesto Chuecos\",\"album\":\"Reencuentros\",\"length_formatted\":\"1:01\"},\"image\":{\"src\":\"https:\\\/\\\/senderos.cz\\\/wp-content\\\/uploads\\\/2016\\\/09\\\/CD_Cover.jpg\",\"width\":800,\"height\":800},\"thumb\":{\"src\":\"https:\\\/\\\/senderos.cz\\\/wp-content\\\/uploads\\\/2016\\\/09\\\/CD_Cover-150x150.jpg\",\"width\":150,\"height\":150}},{\"src\":\"https:\\\/\\\/senderos.cz\\\/wp-content\\\/uploads\\\/2016\\\/09\\\/Lucerito-clip.mp3\",\"type\":\"audio\\\/mpeg\",\"title\":\"Lucerito\",\"caption\":\"\",\"description\":\"\\\"Lucerito (clip)\\\".\",\"meta\":{\"artist\":\"Marta Topferova & Ernesto Chuecos\",\"album\":\"Reencuentros\",\"length_formatted\":\"1:04\"},\"image\":{\"src\":\"https:\\\/\\\/senderos.cz\\\/wp-content\\\/uploads\\\/2016\\\/09\\\/CD_Cover.jpg\",\"width\":800,\"height\":800},\"thumb\":{\"src\":\"https:\\\/\\\/senderos.cz\\\/wp-content\\\/uploads\\\/2016\\\/09\\\/CD_Cover-150x150.jpg\",\"width\":150,\"height\":150}}]}<\/script>\n<\/div>\n\t\n<p>[\/vc_column_text][vc_row_inner][vc_column_inner width=&#8221;1\/2&#8243;][lab_heading title=&#8221;Koupit fyzick\u00e9 CD&#8221;]Digipak[\/lab_heading][\/vc_column_inner][vc_column_inner width=&#8221;1\/2&#8243;][vc_empty_space height=&#8221;20px&#8221;][lab_button title=&#8221;DO KO\u0160\u00cdKU&#8221; type=&#8221;outlined-bg&#8221; size=&#8221;btn-large&#8221; button_bg=&#8221;custom&#8221; link=&#8221;url:%2F%3Fadd-to-cart%3D4008|||&#8221; button_bg_custom=&#8221;#732282&#8243; button_txt_custom=&#8221;#732282&#8243; button_txt_hover_custom=&#8221;#ffffff&#8221;][\/vc_column_inner][\/vc_row_inner][\/vc_column][\/vc_row][vc_row][vc_column][vc_empty_space height=&#8221;40px&#8221;][\/vc_column][\/vc_row][vc_row][vc_column][lab_heading title=&#8221;Album k poslechu a k zakoupen\u00ed&#8221;][\/lab_heading][\/vc_column][\/vc_row][vc_row][vc_column reveal_effect=&#8221;&#8221; width=&#8221;1\/3&#8243; css=&#8221;.vc_custom_1473846659987{padding: 20px !important;background-color: #fafafa !important;}&#8221;][lab_heading title=&#8221;CD Baby&#8221;]Digit\u00e1ln\u00ed a fyzick\u00e9 CD[\/lab_heading][vc_single_image image=&#8221;4103&#8243; img_size=&#8221;150&#215;150&#8243; alignment=&#8221;center&#8221; onclick=&#8221;custom_link&#8221; img_link_target=&#8221;_blank&#8221; link=&#8221;http:\/\/www.cdbaby.com\/cd\/reencuentros&#8221;][\/vc_column][vc_column reveal_effect=&#8221;&#8221; width=&#8221;1\/3&#8243; css=&#8221;.vc_custom_1473846667963{padding: 20px !important;background-color: #fafafa !important;}&#8221;][lab_heading title=&#8221;iTunes&#8221;]Digit\u00e1ln\u00ed album[\/lab_heading][vc_single_image image=&#8221;4104&#8243; img_size=&#8221;150&#215;150&#8243; alignment=&#8221;center&#8221; onclick=&#8221;custom_link&#8221; img_link_target=&#8221;_blank&#8221; link=&#8221;https:\/\/itunes.apple.com\/us\/album\/reencuentros\/id1155684015?ign-mpt=uo%3D4&#8243;][\/vc_column][vc_column reveal_effect=&#8221;&#8221; width=&#8221;1\/3&#8243; css=&#8221;.vc_custom_1473846676568{padding: 20px !important;background-color: #fafafa !important;}&#8221;][lab_heading title=&#8221;Spotify&#8221;]Digit\u00e1ln\u00ed stream[\/lab_heading][vc_single_image image=&#8221;4105&#8243; img_size=&#8221;150&#215;150&#8243; alignment=&#8221;center&#8221; onclick=&#8221;custom_link&#8221; img_link_target=&#8221;_blank&#8221; link=&#8221;https:\/\/open.spotify.com\/album\/2PZVIUfVod5nDcp7mdouDK&#8221;][\/vc_column][\/vc_row][vc_row][vc_column][vc_empty_space height=&#8221;40px&#8221;][\/vc_column][\/vc_row][vc_row][vc_column width=&#8221;1\/2&#8243;][lab_heading title=&#8221;Marta T\u00f6pferov\u00e1&#8221;][\/lab_heading][vc_column_text]<\/p>\n<p class=\"p1\"><span class=\"s1\">se narodila v Ostrav\u011b, ale d\u00edky jej\u00ed emigraci do Spojen\u00fdch st\u00e1t\u016f v roce 1987 byl jej\u00ed osud nav\u017edy poznamen\u00e1n hled\u00e1n\u00edm nov\u00e9ho smyslu \u017eivota v zemi pln\u00e9 emigrant\u016f a hudby z r\u016fzn\u00fdch kon\u010din sv\u011bta. Pr\u00e1v\u011b v USA m\u011bla Marta mo\u017enost studovat a spolupracovat s p\u0159edn\u00edmi interprety latinskoamerick\u00e9 hudby. Etablovala se na hudebn\u00ed sc\u00e9n\u011b v New Yorku a dnes je mezin\u00e1rodn\u011b uzn\u00e1van\u00e1 jako jedna z\u00a0\u010deln\u00edch p\u0159edstavitelek tzv. worldmusic. Dodnes vydala sedm alb p\u0159ev\u00e1\u017en\u011b vlastn\u00ed tvorby: <i>Milokraj\u00a0<\/i>(2013 Animal Music), <i>The Other Shore<\/i>\u00a0(2011 World Village),\u00a0<i>Trova <\/i>(2009 World Village), <i>Flor Nocturna<\/i> (2006 World Village), <i>La Marea<\/i> (2005 World Village), <i>Sue\u00f1o Verde<\/i> (2003 Circular Moves) a <i>Homage to Homeland<\/i>\u00a0(2002 vlastn\u00ed produkce).\u00a0Procestovala Evropu, USA, Kanadu, Argentinu a Thajsko a objevuje se na v\u00fdznamn\u00fdch p\u00f3di\u00edch jako nap\u0159. Queen Elizabeth Hall v Lond\u00fdn\u011b, Blue Note v New Yorku nebo Bardentreffen festivalu v Norimberku.<\/span><\/p>\n<p class=\"p1\" style=\"text-align: center;\"><span class=\"s1\"><a href=\"http:\/\/www.martatopferova.com\" target=\"_blank\"><b>www.martatopferova.com<\/b><\/a><\/span><\/p>\n<p>[\/vc_column_text][\/vc_column][vc_column width=&#8221;1\/2&#8243;][lab_heading title=&#8221;Ernesto Chuecos&#8221;][\/lab_heading][vc_column_text]<\/p>\n<p class=\"p1\"><span class=\"s1\">se narodil v Caracasu, ve Venezuele, kde v sedmi letech za\u010dal hr\u00e1t na tradi\u010dn\u00ed venezuelsk\u00fd n\u00e1stroj jm\u00e9nem \u201ecuatro\u201d a v deseti letech\u00a0na klasickou kytaru. Studoval u zn\u00e1m\u00fdch u\u010ditel\u016f jako Fredy Reyna, Aldo Lagrutta, R\u00f3mulo Lazarde a\u00a0Luis Zea. \u017dije v Praze od roku 1994, kde vystudoval hru na kytaru u \u0160t\u011bp\u00e1na Raka a Milana Zelenky na Hudebn\u00ed fakult\u011b Akademie m\u00fazick\u00fdch um\u011bn\u00ed v Praze (HAMU). Tak\u00e9 hr\u00e1l bossa-novu s Yvonne S\u00e1nchezovou a v posledn\u00ed dob\u011b se v\u011bnuje aran\u017eov\u00e1n\u00ed venezuelsk\u00fdch p\u00edsn\u00ed. P\u0159esto\u017ee se nev\u011bnuje jenom hudb\u011b, kytara je jeho nevyhnuteln\u00fdm osudem, kde se<\/span> <span class=\"s1\">rozechv\u011bje cel\u00fd jeho sv\u011bt.<\/span><\/p>\n<p>[\/vc_column_text][\/vc_column][\/vc_row][vc_row][vc_column][vc_empty_space height=&#8221;40px&#8221;][\/vc_column][\/vc_row][vc_row full_width=&#8221;stretch_row&#8221; content_placement=&#8221;top&#8221; css=&#8221;.vc_custom_1473847348285{background-color: #fafafa !important;}&#8221; el_id=&#8221;contact&#8221;][vc_column reveal_effect=&#8221;&#8221; width=&#8221;1\/3&#8243; css=&#8221;.vc_custom_1473836000106{background-position: center !important;background-repeat: no-repeat !important;background-size: cover !important;}&#8221;][vc_empty_space height=&#8221;40px&#8221;][vc_column_text]<\/p>\n<h3>Kontakt<\/h3>\n<p><a href=\"mailto:senderos@senderos.cz\">senderos@senderos.cz<\/a><\/p>\n<p>Tel.: +420\u00a0739 076 474[\/vc_column_text][vc_column_text]<\/p>\n<h3>Adresa<\/h3>\n<p>Ostrovsk\u00e9ho 1213\/23<br \/>\nPraha 5 &#8211; Sm\u00edchov<br \/>\n150 00 &#8211; CZ[\/vc_column_text][\/vc_column][vc_column width=&#8221;2\/3&#8243;][vc_empty_space height=&#8221;40px&#8221;][lab_contact_form name_title=&#8221;Jm\u00e9no:&#8221; message_title=&#8221;Zpr\u00e1va:&#8221; show_subject_field=&#8221;&#8221; submit_title=&#8221;Odeslat&#8221; submit_success=&#8221;D\u011bkujeme #, zpr\u00e1va odesl\u00e1na&#8221; alert_errors=&#8221;yes&#8221; email_receiver=&#8221;senderos@senderos.cz&#8221;][\/vc_column][\/vc_row]<\/p>\n","protected":false},"excerpt":{"rendered":"<p>[vc_row][vc_column][rev_slider_vc alias=&#8221;cdlanding&#8221;][\/vc_column][\/vc_row][vc_row][vc_column][vc_empty_space height=&#8221;40px&#8221;][lab_heading title=&#8221;Marta T\u00f6pferov\u00e1 &amp; Ernesto Chuecos&#8221;]Venezuelsk\u00e9 p\u00edsn\u011b[\/lab_heading][\/vc_column][\/vc_row][vc_row][vc_column width=&#8221;1\/2&#8243;][vc_column_text] Duo zp\u011bva\u010dky Marty T\u00f6pferov\u00e9 a kytaristy Ernesta Chuecos se v\u011bnuje bohat\u00e9 tradici venezuelsk\u00fdch p\u00edsn\u00ed. Jejich reperto\u00e1r se skl\u00e1d\u00e1 z rytm\u016f a styl\u016f jako venezuelsk\u00e9 merengue, joropo, vals, danza nebo tonada. Ojedin\u011bl\u00fd sametov\u00fd hlas Marty T\u00f6pferov\u00e9 s vlastn\u00edm doprovodem na venezuelsk\u00e9 cuatro, ru\u010dn\u00ed perkusi spolu s&hellip;<\/p>\n","protected":false},"author":1,"featured_media":0,"parent":0,"menu_order":0,"comment_status":"closed","ping_status":"closed","template":"","meta":[],"_links":{"self":[{"href":"https:\/\/senderos.cz\/cs\/wp-json\/wp\/v2\/pages\/4302"}],"collection":[{"href":"https:\/\/senderos.cz\/cs\/wp-json\/wp\/v2\/pages"}],"about":[{"href":"https:\/\/senderos.cz\/cs\/wp-json\/wp\/v2\/types\/page"}],"author":[{"embeddable":true,"href":"https:\/\/senderos.cz\/cs\/wp-json\/wp\/v2\/users\/1"}],"replies":[{"embeddable":true,"href":"https:\/\/senderos.cz\/cs\/wp-json\/wp\/v2\/comments?post=4302"}],"version-history":[{"count":4,"href":"https:\/\/senderos.cz\/cs\/wp-json\/wp\/v2\/pages\/4302\/revisions"}],"predecessor-version":[{"id":4306,"href":"https:\/\/senderos.cz\/cs\/wp-json\/wp\/v2\/pages\/4302\/revisions\/4306"}],"wp:attachment":[{"href":"https:\/\/senderos.cz\/cs\/wp-json\/wp\/v2\/media?parent=4302"}],"curies":[{"name":"wp","href":"https:\/\/api.w.org\/{rel}","templated":true}]}}